{"id":25490,"date":"2018-12-21T19:12:48","date_gmt":"2018-12-21T18:12:48","guid":{"rendered":"https:\/\/www.forum-soegel.de\/information\/wp-content\/uploads\/2018\/12\/Im-Hospiz-hat-das-Zuh\u00f6ren-einen-hohen-Stellenwert-1.jpg"},"modified":"2018-12-21T19:13:41","modified_gmt":"2018-12-21T18:13:41","slug":"im-hospiz-hat-das-zuhoeren-einen-hohen-stellenwert-1","status":"inherit","type":"attachment","link":"https:\/\/www.forum-soegel.de\/information\/2018\/12\/im-hospiz-hat-das-zuhoeren-einen-hohen-stellenwert\/im-hospiz-hat-das-zuhoeren-einen-hohen-stellenwert-1\/","title":{"rendered":"Im Hospiz hat das Zuh\u00f6ren einen hohen Stellenwert (1)"},"author":2,"featured_media":0,"comment_status":"closed","ping_status":"closed","template":"","meta":{"ngg_post_thumbnail":0},"class_list":["post-25490","attachment","type-attachment","status-inherit","hentry"],"description":{"rendered":"<p class=\"attachment\"><a href='https:\/\/www.forum-soegel.de\/information\/wp-content\/uploads\/2018\/12\/Im-Hospiz-hat-das-Zuh\u00f6ren-einen-hohen-Stellenwert-1.jpg'><img loading=\"lazy\" decoding=\"async\" width=\"300\" height=\"200\" src=\"https:\/\/www.forum-soegel.de\/information\/wp-content\/uploads\/2018\/12\/Im-Hospiz-hat-das-Zuh\u00f6ren-einen-hohen-Stellenwert-1-300x200.jpg\" class=\"attachment-medium size-medium\" alt=\"\" srcset=\"https:\/\/www.forum-soegel.de\/information\/wp-content\/uploads\/2018\/12\/Im-Hospiz-hat-das-Zuh\u00f6ren-einen-hohen-Stellenwert-1-300x200.jpg 300w, https:\/\/www.forum-soegel.de\/information\/wp-content\/uploads\/2018\/12\/Im-Hospiz-hat-das-Zuh\u00f6ren-einen-hohen-Stellenwert-1-768x512.jpg 768w, https:\/\/www.forum-soegel.de\/information\/wp-content\/uploads\/2018\/12\/Im-Hospiz-hat-das-Zuh\u00f6ren-einen-hohen-Stellenwert-1.jpg 1024w\" sizes=\"auto, (max-width: 300px) 100vw, 300px\" \/><\/a><\/p>\n"},"caption":{"rendered":"F\u00fcr ein wunderbares Benefizkonzert bedanke sich der Vorsitzende des S\u00f6geler Hospizvereins Michael Strodt beim M\u00e4nnerchor Harmonie unter der Leitung von Thomas Kramer,  beim Singkreis S\u00f6gel unter der Leitung von Theresa M\u00fchlenberg, beim Chor Kalinka S\u00f6gel unter der Leitung von Irina Sel und beim Kirchenchor St. Jakobus unter der Leitung von Frauke Sparfeldt.\n"},"alt_text":"","media_type":"image","mime_type":"image\/jpeg","media_details":{"width":1024,"height":683,"file":"2018\/12\/Im-Hospiz-hat-das-Zuh\u00f6ren-einen-hohen-Stellenwert-1.jpg","sizes":{"thumbnail":{"file":"Im-Hospiz-hat-das-Zuh\u00f6ren-einen-hohen-Stellenwert-1-150x150.jpg","width":150,"height":150,"mime_type":"image\/jpeg","source_url":"https:\/\/www.forum-soegel.de\/information\/wp-content\/uploads\/2018\/12\/Im-Hospiz-hat-das-Zuh\u00f6ren-einen-hohen-Stellenwert-1-150x150.jpg"},"medium":{"file":"Im-Hospiz-hat-das-Zuh\u00f6ren-einen-hohen-Stellenwert-1-300x200.jpg","width":300,"height":200,"mime_type":"image\/jpeg","source_url":"https:\/\/www.forum-soegel.de\/information\/wp-content\/uploads\/2018\/12\/Im-Hospiz-hat-das-Zuh\u00f6ren-einen-hohen-Stellenwert-1-300x200.jpg"},"medium_large":{"file":"Im-Hospiz-hat-das-Zuh\u00f6ren-einen-hohen-Stellenwert-1-768x512.jpg","width":768,"height":512,"mime_type":"image\/jpeg","source_url":"https:\/\/www.forum-soegel.de\/information\/wp-content\/uploads\/2018\/12\/Im-Hospiz-hat-das-Zuh\u00f6ren-einen-hohen-Stellenwert-1-768x512.jpg"},"large":{"file":"Im-Hospiz-hat-das-Zuh\u00f6ren-einen-hohen-Stellenwert-1-1024x683.jpg","width":1024,"height":683,"mime_type":"image\/jpeg","source_url":"https:\/\/www.forum-soegel.de\/information\/wp-content\/uploads\/2018\/12\/Im-Hospiz-hat-das-Zuh\u00f6ren-einen-hohen-Stellenwert-1-1024x683.jpg"},"full":{"file":"Im-Hospiz-hat-das-Zuh\u00f6ren-einen-hohen-Stellenwert-1.jpg","width":1024,"height":683,"mime_type":"image\/jpeg","source_url":"https:\/\/www.forum-soegel.de\/information\/wp-content\/uploads\/2018\/12\/Im-Hospiz-hat-das-Zuh\u00f6ren-einen-hohen-Stellenwert-1.jpg"}},"image_meta":{"aperture":"0","credit":"","camera":"","caption":"","created_timestamp":"0","copyright":"","focal_length":"0","iso":"0","shutter_speed":"0","title":"","orientation":"0","keywords":[]}},"post":25489,"source_url":"https:\/\/www.forum-soegel.de\/information\/wp-content\/uploads\/2018\/12\/Im-Hospiz-hat-das-Zuh\u00f6ren-einen-hohen-Stellenwert-1.jpg","_links":{"self":[{"href":"https:\/\/www.forum-soegel.de\/information\/wp-json\/wp\/v2\/media\/25490","targetHints":{"allow":["GET"]}}],"collection":[{"href":"https:\/\/www.forum-soegel.de\/information\/wp-json\/wp\/v2\/media"}],"about":[{"href":"https:\/\/www.forum-soegel.de\/information\/wp-json\/wp\/v2\/types\/attachment"}],"author":[{"embeddable":true,"href":"https:\/\/www.forum-soegel.de\/information\/wp-json\/wp\/v2\/users\/2"}],"replies":[{"embeddable":true,"href":"https:\/\/www.forum-soegel.de\/information\/wp-json\/wp\/v2\/comments?post=25490"}],"wp:attached-to":[{"embeddable":true,"post_type":"post","id":25489,"href":"https:\/\/www.forum-soegel.de\/information\/wp-json\/wp\/v2\/posts\/25489"}],"curies":[{"name":"wp","href":"https:\/\/api.w.org\/{rel}","templated":true}]}}